{"id":1885,"date":"2025-10-14T10:28:30","date_gmt":"2025-10-14T08:28:30","guid":{"rendered":"https:\/\/www.ortoll.cat\/politica-de-privacitat\/"},"modified":"2025-11-24T15:30:43","modified_gmt":"2025-11-24T14:30:43","slug":"politica-de-privacidad","status":"publish","type":"page","link":"https:\/\/www.ortoll.cat\/es\/politica-de-privacidad\/","title":{"rendered":"Pol\u00edtica de Privacidad"},"content":{"rendered":"\t\t<div data-elementor-type=\"wp-page\" data-elementor-id=\"1885\" class=\"elementor elementor-1885 elementor-556\" data-elementor-post-type=\"page\">\n\t\t\t\t<div class=\"elementor-element elementor-element-c630df1 e-con-full e-flex e-con e-parent\" data-id=\"c630df1\" data-element_type=\"container\" data-settings=\"{&quot;background_background&quot;:&quot;classic&quot;}\">\n\t\t\t\t<div class=\"elementor-element elementor-element-70e70ff elementor-widget elementor-widget-heading\" data-id=\"70e70ff\" data-element_type=\"widget\" data-widget_type=\"heading.default\">\n\t\t\t\t<div class=\"elementor-widget-container\">\n\t\t\t\t\t<h2 class=\"elementor-heading-title elementor-size-default\">Pol\u00edtica de Privacitat<\/h2>\t\t\t\t<\/div>\n\t\t\t\t<\/div>\n\t\t\t\t<\/div>\n\t\t<div class=\"elementor-element elementor-element-7d45acf e-con-full e-flex e-con e-parent\" data-id=\"7d45acf\" data-element_type=\"container\" data-settings=\"{&quot;background_background&quot;:&quot;classic&quot;}\">\n\t\t<div class=\"elementor-element elementor-element-30084f4 e-con-full e-flex e-con e-child\" data-id=\"30084f4\" data-element_type=\"container\">\n\t\t<div class=\"elementor-element elementor-element-215f3ed e-con-full e-flex e-con e-child\" data-id=\"215f3ed\" data-element_type=\"container\">\n\t\t\t\t<div class=\"elementor-element elementor-element-2a5ad67 elementor-widget elementor-widget-text-editor\" data-id=\"2a5ad67\" data-element_type=\"widget\" data-widget_type=\"text-editor.default\">\n\t\t\t\t<div class=\"elementor-widget-container\">\n\t\t\t\t\t\t\t\t\t<span style=\"font-size: 32px;\"><b>INFORMACI\u00d3N B\u00c1SICA SOBRE PROTECCI\u00d3N DE DATOS<\/b><\/span>\n<table style=\"background-color: #ffffff; width: 1049px; height: 190px;\">\n<tbody>\n<tr>\n<td style=\"border-color: rgba(128, 128, 128, 0.5); background-color: rgba(128, 128, 128, 0.07);\">RESPONSABLE<\/td>\n<td style=\"border-color: rgba(128, 128, 128, 0.5); background-color: rgba(128, 128, 128, 0.07);\"><span style=\"color: #000000; font-family: 'Times New Roman'; font-size: medium;\">ORTOLL I FILLS, S.L.<\/span><\/td>\n<\/tr>\n<tr>\n<td style=\"border-color: rgba(128, 128, 128, 0.5);\">FINALIDAD<\/td>\n<td style=\"border-color: rgba(128, 128, 128, 0.5);\"><span style=\"font-size: 12pt; font-family: Arial, sans-serif;\">Utilizamos sus datos para atender sus consultas, as\u00ed como para, en su caso, enviarle comunicaciones personalizadas.<\/span><\/td>\n<\/tr>\n<tr>\n<td style=\"border-color: rgba(128, 128, 128, 0.5); background-color: rgba(128, 128, 128, 0.1);\">LEGITIMACI\u00d3N<\/td>\n<td style=\"border-color: rgba(128, 128, 128, 0.5); background-color: rgba(128, 128, 128, 0.1);\"><span style=\"font-size: 12pt; font-family: Arial, sans-serif;\">La legitimaci\u00f3n para el tratamiento de sus datos reside en la prestaci\u00f3n de su consentimiento a ORTOLL I FILLS, S.L.<\/span><\/td>\n<\/tr>\n<tr>\n<td style=\"border-color: rgba(128, 128, 128, 0.5);\">DESTINATARIOS<\/td>\n<td style=\"border-color: rgba(128, 128, 128, 0.5);\"><span style=\"font-size: 12pt; font-family: Arial, sans-serif;\">Sus datos ser\u00e1n tratados por otras empresas del Grupo y terceros colaboradores que trabajan con nosotros.<\/span><\/td>\n<\/tr>\n<tr>\n<td style=\"border-color: rgba(128, 128, 128, 0.5);\">DERECHOS<\/td>\n<td style=\"border-color: rgba(128, 128, 128, 0.5);\"><span style=\"font-size: 12pt; font-family: Arial, sans-serif;\">Tiene derecho a acceder, rectificar, suprimir, oponerse, limitar y solicitar la portabilidad de sus datos personales.<\/span><\/td>\n<\/tr>\n<tr>\n<td style=\"border-color: rgba(128, 128, 128, 0.5);\">ADICIONAL<\/td>\n<td style=\"border-color: rgba(128, 128, 128, 0.5);\"><span style=\"font-size: 12pt; font-family: Arial, sans-serif;\">Puede consultar informaci\u00f3n adicional y detallada sobre c\u00f3mo gestionamos sus datos personales y los derechos de los que dispone consultando el texto completo de la Pol\u00edtica de Privacidad que sigue a continuaci\u00f3n, as\u00ed como la Pol\u00edtica de Cookies.<\/span><\/td>\n<\/tr>\n<\/tbody>\n<\/table>\n<h2 style=\"font-family: Roboto, sans-serif; color: #333333;\"><b>INFORMACI\u00d3N ADICIONAL SOBRE PROTECCI\u00d3N DE DATOS<\/b><\/h2>\n<div>\n<p dir=\"ltr\" style=\"line-height: 1.38; margin-top: 0pt; margin-bottom: 0pt;\"><span style=\"font-size: 12pt; font-family: Arial, sans-serif; background-color: transparent;\">ORTOLL I FILLS, S.L. (en adelante, \u201cla Compa\u00f1\u00eda\u201d) se compromete, como Responsable del tratamiento de sus datos personales, a adoptar las medidas t\u00e9cnicas y organizativas necesarias para garantizar que el tratamiento de sus datos es conforme a las disposiciones del Reglamento (UE) 2016\/679 (en adelante, \u201cRGPD\u201d) y la Ley Org\u00e1nica 3\/2018.<\/span><\/p>\n<p dir=\"ltr\" style=\"line-height: 1.38; margin-top: 0pt; margin-bottom: 0pt;\"><span style=\"font-size: 12pt; font-family: Arial, sans-serif; background-color: transparent;\">La Compa\u00f1\u00eda trata sus datos personales de manera l\u00edcita y leal, garantizando que estos reciben la protecci\u00f3n adecuada y que no son objeto de un uso indebido. Asimismo, la voluntad de la Compa\u00f1\u00eda es ser transparente en la gesti\u00f3n de los datos personales de sus clientes y usuarios, poniendo a disposici\u00f3n de los mismos toda la informaci\u00f3n necesaria sobre la recopilaci\u00f3n y tratamiento de sus datos.<\/span><\/p>\n<p dir=\"ltr\" style=\"line-height: 1.38; margin-top: 0pt; margin-bottom: 0pt;\"><span style=\"font-size: 12pt; font-family: Arial, sans-serif; background-color: transparent;\">El objetivo de la Pol\u00edtica de Privacidad es informarle sobre qui\u00e9n tratar\u00e1 sus datos personales, por qu\u00e9 recopilamos estos datos, durante cu\u00e1nto tiempo conservaremos los datos recogidos, a qui\u00e9n los cederemos y cu\u00e1les son sus derechos en este \u00e1mbito.<\/span><\/p>\n<p dir=\"ltr\" style=\"line-height: 1.38; margin-top: 0pt; margin-bottom: 0pt;\"><span style=\"font-size: 12pt; font-family: Arial, sans-serif; background-color: transparent;\">Al facilitarnos su informaci\u00f3n personal y utilizar nuestro Sitio web, entendemos que ha le\u00eddo y comprendido la informaci\u00f3n sobre protecci\u00f3n de datos de car\u00e1cter personal expuesta en la presente Pol\u00edtica de Privacidad y en la Pol\u00edtica de Cookies.<\/span><\/p>\n\n<h2 style=\"font-family: Roboto, sans-serif; color: #333333;\"><b>PREGUNTAS FRECUENTES<\/b><\/h2>\n<div><b>1- \u00bfQUI\u00c9N ES EL RESPONSABLE DEL TRATAMIENTO DE MIS DATOS?<\/b><\/div>\n<h2 style=\"font-family: Roboto, sans-serif; color: #333333;\"><span style=\"background-color: transparent; font-family: Arial, sans-serif; font-size: 12pt;\">El Responsable del tratamiento de sus datos personales es:<\/span><\/h2>\n<div style=\"border: 2px solid rgba(128, 128, 128, 0.6); border-radius: 8px; padding: 12px; background-color: rgba(128, 128, 128, 0.05); width: fit-content;\">\n<p dir=\"ltr\" style=\"line-height: 1.38; margin-top: 0pt; margin-bottom: 0pt;\"><span style=\"font-size: 12pt; font-family: Arial, sans-serif;\">ORTOLL I FILLS, S.L.<\/span><\/p>\n<p dir=\"ltr\" style=\"line-height: 1.38; margin-top: 0pt; margin-bottom: 0pt;\"><span style=\"font-size: 12pt; font-family: Arial, sans-serif;\">N.I.F: B43380492<\/span><\/p>\n<p dir=\"ltr\" style=\"line-height: 1.38; margin-top: 0pt; margin-bottom: 0pt;\"><span style=\"font-size: 12pt; font-family: Arial, sans-serif;\">Tel\u00e9fono: 977 693 069<\/span><\/p>\n<p dir=\"ltr\" style=\"line-height: 1.38; margin-top: 0pt; margin-bottom: 0pt;\"><span style=\"font-size: 12pt; font-family: Arial, sans-serif;\">Direcci\u00f3n postal: Sant Joan de Deu, 365, 43820 Calafell<\/span><\/p>\n<p dir=\"ltr\" style=\"line-height: 1.38; margin-top: 0pt; margin-bottom: 0pt;\"><span style=\"font-size: 12pt; font-family: Arial, sans-serif;\">Correo electr\u00f3nico: info@ortoll.cat<\/span><\/p>\n\n<\/div>\n<\/div>\n<h2><span style=\"font-weight: bold; font-size: 1rem;\">2- \u00bfCON QU\u00c9 FINALIDAD TRAT\u00c1IS MIS DATOS?<\/span><b> <\/b><\/h2>\n<div>\n<p dir=\"ltr\" style=\"line-height: 1.38; margin-top: 0pt; margin-bottom: 0pt;\"><span style=\"font-size: 12pt; font-family: Arial, sans-serif; background-color: transparent; font-variant-numeric: normal; font-variant-east-asian: normal; font-variant-alternates: normal; font-variant-position: normal; font-variant-emoji: normal; vertical-align: baseline; white-space-collapse: preserve;\">Dependiendo de los servicios o funcionalidades solicitadas por los clientes y usuarios, la Compa\u00f1\u00eda necesitar\u00e1 tratar unos datos u otros que, en general, ser\u00e1n los siguientes:<\/span><\/p>\n<p dir=\"ltr\" style=\"line-height: 1.38; margin-top: 0pt; margin-bottom: 0pt;\"><\/p>\n\n<ul>\n \t<li><span style=\"font-size: 12pt; font-family: Arial, sans-serif; background-color: transparent; font-variant-numeric: normal; font-variant-east-asian: normal; font-variant-alternates: normal; font-variant-position: normal; font-variant-emoji: normal; vertical-align: baseline; white-space-collapse: preserve;\"><i>Datos identificativos y de contacto<\/i>: nombre, apellidos, tel\u00e9fono de contacto, correo electr\u00f3nico, entre otros. <\/span><\/li>\n \t<li><i>Datos recogidos autom\u00e1ticamente<\/i>: al interactuar con nuestro Sitio web, ciertos datos de navegaci\u00f3n se recopilan autom\u00e1ticamente. Esta informaci\u00f3n se recoge a trav\u00e9s de cookies, cuya regulaci\u00f3n queda detallada en la Pol\u00edtica de Cookies de la Compa\u00f1\u00eda.<\/li>\n<\/ul>\n<p dir=\"ltr\" style=\"line-height: 1.38; margin-top: 0pt; margin-bottom: 0pt;\"><\/p>\n<p dir=\"ltr\" style=\"line-height: 1.38; margin-top: 0pt; margin-bottom: 0pt;\"><span style=\"font-size: 12pt; font-family: Arial, sans-serif; background-color: transparent; font-variant-numeric: normal; font-variant-east-asian: normal; font-variant-alternates: normal; font-variant-position: normal; font-variant-emoji: normal; vertical-align: baseline; white-space-collapse: preserve;\">La informaci\u00f3n que podemos recoger autom\u00e1ticamente se refiere a su utilizaci\u00f3n de nuestro Sitio web y a los dispositivos que utiliza para acceder e interactuar con este. Algunos de los datos que recopilamos son: la direcci\u00f3n IP del dispositivo que est\u00e1 usando, el navegador que utiliza, su sistema operativo, la fecha y hora de acceso al Sitio web, la direcci\u00f3n de Internet de la web desde la que accedi\u00f3 a nuestro Sitio web, datos de geolocalizaci\u00f3n, informaci\u00f3n sobre las p\u00e1ginas visitadas por el usuario dentro del Sitio web y el tiempo de navegaci\u00f3n en cada p\u00e1gina. <\/span><\/p>\n<p dir=\"ltr\" style=\"line-height: 1.38; margin-top: 0pt; margin-bottom: 0pt;\"><\/p>\n<p dir=\"ltr\" style=\"line-height: 1.38; margin-top: 0pt; margin-bottom: 0pt;\"><span style=\"font-size: 12pt; font-family: Arial, sans-serif; background-color: transparent; font-variant-numeric: normal; font-variant-east-asian: normal; font-variant-alternates: normal; font-variant-position: normal; font-variant-emoji: normal; vertical-align: baseline; white-space-collapse: preserve;\">Los datos personales recopilados se tratan para las siguientes finalidades:<\/span><\/p>\n\n<ul>\n \t<li><span style=\"font-size: 12pt; font-family: Arial, sans-serif; background-color: transparent; font-variant-numeric: normal; font-variant-east-asian: normal; font-variant-alternates: normal; font-variant-position: normal; font-variant-emoji: normal; vertical-align: baseline; white-space-collapse: preserve;\"><i>An\u00e1lisis de calidad<\/i>: realizar encuestas sobre la satisfacci\u00f3n de los clientes y usuarios en relaci\u00f3n con la calidad de los servicios ofrecidos por la Compa\u00f1\u00eda. <\/span><\/li>\n \t<li><span style=\"font-size: 12pt; font-family: Arial, sans-serif; background-color: transparent; font-variant-numeric: normal; font-variant-east-asian: normal; font-variant-alternates: normal; font-variant-position: normal; font-variant-emoji: normal; vertical-align: baseline; white-space-collapse: preserve;\"><i>Atenci\u00f3n a clientes y usuarios<\/i>: canalizar y atender sus solicitudes, consultas y reclamaciones para su gesti\u00f3n y resoluci\u00f3n. <\/span><\/li>\n \t<li><span style=\"font-size: 12pt; font-family: Arial, sans-serif; background-color: transparent; font-variant-numeric: normal; font-variant-east-asian: normal; font-variant-alternates: normal; font-variant-position: normal; font-variant-emoji: normal; vertical-align: baseline; white-space-collapse: preserve;\"><i>Mejorar la experiencia del usuario en el Sitio web<\/i>: realizar estudios anal\u00edticos y estad\u00edsticos sobre c\u00f3mo los usuarios navegan por el Sitio web de la Compa\u00f1\u00eda.<\/span><\/li>\n<\/ul>\n<div>\n<h2 style=\"font-family: Roboto, sans-serif; color: #333333;\"><span style=\"font-weight: bold; font-size: 1rem;\">3- \u00bfQU\u00c9 LEGITIMACI\u00d3N EXISTE PARA EL TRATAMIENTO DE MIS DATOS?<\/span><\/h2>\n<h2 style=\"font-family: Roboto, sans-serif; color: #333333;\"><span style=\"background-color: transparent; font-family: Arial, sans-serif; font-size: 12pt; white-space-collapse: preserve; color: inherit;\">La base legal que nos permite tratar sus datos personales depende de la finalidad para la cual los tratamos, tal como se detalla a continuaci\u00f3n:<\/span><\/h2>\n<\/div>\n<ul>\n \t<li><span style=\"font-size: 12pt; font-family: Arial, sans-serif; background-color: transparent; font-variant-numeric: normal; font-variant-east-asian: normal; font-variant-alternates: normal; font-variant-position: normal; font-variant-emoji: normal; vertical-align: baseline; white-space-collapse: preserve;\">An\u00e1lisis de calidad. La legitimaci\u00f3n del tratamiento de sus datos reside en el inter\u00e9s leg\u00edtimo de la Compa\u00f1\u00eda para analizar el grado de satisfacci\u00f3n de los clientes y usuarios, con el fin de poder ofrecerles servicios de la mejor calidad. <\/span><\/li>\n \t<li><span style=\"font-size: 12pt; font-family: Arial, sans-serif; background-color: transparent; font-variant-numeric: normal; font-variant-east-asian: normal; font-variant-alternates: normal; font-variant-position: normal; font-variant-emoji: normal; vertical-align: baseline; white-space-collapse: preserve;\">Atenci\u00f3n a usuarios y clientes. La legitimaci\u00f3n del tratamiento de sus datos reside en el inter\u00e9s leg\u00edtimo de la Compa\u00f1\u00eda para atender sus solicitudes y reclamaciones y poder atenderle adecuadamente y resolver sus peticiones. En caso de consultas relacionadas con el ejercicio de sus derechos legalmente reconocidos en materia de protecci\u00f3n de datos, la Compa\u00f1\u00eda requiere el tratamiento de sus datos para cumplir con las obligaciones legales que le vinculan en este \u00e1mbito. <\/span><\/li>\n \t<li><span style=\"font-size: 12pt; font-family: Arial, sans-serif; background-color: transparent; font-variant-numeric: normal; font-variant-east-asian: normal; font-variant-alternates: normal; font-variant-position: normal; font-variant-emoji: normal; vertical-align: baseline; white-space-collapse: preserve;\">Mejorar la experiencia del usuario en el Sitio web. La legitimaci\u00f3n del tratamiento de sus datos reside en el inter\u00e9s leg\u00edtimo de la Compa\u00f1\u00eda para conocer el grado de satisfacci\u00f3n de los usuarios y adoptar las medidas correctoras oportunas para mejorar la calidad de nuestros servicios. <\/span><\/li>\n<\/ul>\n<h2 style=\"font-family: Roboto, sans-serif; color: #333333;\"><span style=\"font-weight: bold; font-size: 1rem;\">4- \u00bfDURANTE CU\u00c1NTO TIEMPO CONSERVAMOS SUS DATOS?<\/span><\/h2>\n<p dir=\"ltr\" style=\"line-height: 1.38; margin-top: 0pt; margin-bottom: 0pt;\"><span style=\"font-size: 12pt; font-family: Arial, sans-serif; background-color: transparent; font-variant-numeric: normal; font-variant-east-asian: normal; font-variant-alternates: normal; font-variant-position: normal; font-variant-emoji: normal; vertical-align: baseline; white-space-collapse: preserve;\">Sus datos personales ser\u00e1n debidamente conservados durante el tiempo imprescindible para poder ser utilizados seg\u00fan la finalidad para la cual fueron recopilados.<\/span><\/p>\n<p dir=\"ltr\" style=\"line-height: 1.38; margin-top: 0pt; margin-bottom: 0pt;\"><\/p>\n<p dir=\"ltr\" style=\"line-height: 1.38; margin-top: 0pt; margin-bottom: 0pt;\"><span style=\"font-size: 12pt; font-family: Arial, sans-serif; background-color: transparent; font-variant-numeric: normal; font-variant-east-asian: normal; font-variant-alternates: normal; font-variant-position: normal; font-variant-emoji: normal; vertical-align: baseline; white-space-collapse: preserve;\">Los datos personales se almacenar\u00e1n, aplicando las medidas de seguridad id\u00f3neas para garantizar su exactitud e integridad, mientras su tratamiento resulte necesario para la finalidad para la que fueron recogidos o mientras usted no ejerza su derecho de supresi\u00f3n o limitaci\u00f3n del tratamiento.<\/span><\/p>\n<p dir=\"ltr\" style=\"line-height: 1.38; margin-top: 0pt; margin-bottom: 0pt;\"><\/p>\n<p dir=\"ltr\" style=\"line-height: 1.38; margin-top: 0pt; margin-bottom: 0pt;\"><span style=\"font-size: 12pt; font-family: Arial, sans-serif; background-color: transparent; font-variant-numeric: normal; font-variant-east-asian: normal; font-variant-alternates: normal; font-variant-position: normal; font-variant-emoji: normal; vertical-align: baseline; white-space-collapse: preserve;\">En estos supuestos, mantendremos bloqueada su informaci\u00f3n personal, sin darle ning\u00fan tratamiento, durante los plazos previstos legalmente para atender eventuales responsabilidades y poder acreditar el cumplimiento de nuestras obligaciones legales y contractuales. Posteriormente, la Compa\u00f1\u00eda eliminar\u00e1 definitivamente sus datos personales.<\/span><\/p>\n\n<h2 style=\"font-family: Roboto, sans-serif; color: #333333;\"><span style=\"font-weight: bold; font-size: 1rem;\">5- \u00bfCON QUI\u00c9N PODEMOS COMPARTIR SUS DATOS?<\/span><\/h2>\n<div>\n<p dir=\"ltr\" style=\"line-height: 1.38; margin-top: 0pt; margin-bottom: 0pt;\"><span style=\"font-size: 12pt; font-family: Arial, sans-serif; background-color: transparent; font-variant-numeric: normal; font-variant-east-asian: normal; font-variant-alternates: normal; font-variant-position: normal; font-variant-emoji: normal; vertical-align: baseline; white-space-collapse: preserve;\">Sus datos personales ser\u00e1n tratados por miembros de la Compa\u00f1\u00eda que act\u00faan en nombre de la organizaci\u00f3n y con respecto a los cuales se han perfeccionado los correspondientes contratos, en los que se recogen obligaciones espec\u00edficas de confidencialidad y de gesti\u00f3n diligente de datos personales conforme a la legislaci\u00f3n en este \u00e1mbito.<\/span><\/p>\n<p dir=\"ltr\" style=\"line-height: 1.38; margin-top: 0pt; margin-bottom: 0pt;\"><\/p>\n<p dir=\"ltr\" style=\"line-height: 1.38; margin-top: 0pt; margin-bottom: 0pt;\"><span style=\"font-size: 12pt; font-family: Arial, sans-serif; background-color: transparent; font-variant-numeric: normal; font-variant-east-asian: normal; font-variant-alternates: normal; font-variant-position: normal; font-variant-emoji: normal; vertical-align: baseline; white-space-collapse: preserve;\">En determinados casos, con el fin de poder cumplir con las finalidades expuestas en la presente Pol\u00edtica de Privacidad, la Compa\u00f1\u00eda necesita compartir sus datos personales con otras compa\u00f1\u00edas del Grupo y con los siguientes terceros:<\/span><\/p>\n<p dir=\"ltr\" style=\"line-height: 1.38; margin-top: 0pt; margin-bottom: 0pt;\"><\/p>\n\n<ul>\n \t<li><span style=\"font-size: 12pt; font-family: Arial, sans-serif; background-color: transparent; font-variant-numeric: normal; font-variant-east-asian: normal; font-variant-alternates: normal; font-variant-position: normal; font-variant-emoji: normal; vertical-align: baseline; white-space-collapse: preserve;\">entidades financieras;<\/span><\/li>\n \t<li><span style=\"font-size: 12pt; font-family: Arial, sans-serif; background-color: transparent; font-variant-numeric: normal; font-variant-east-asian: normal; font-variant-alternates: normal; font-variant-position: normal; font-variant-emoji: normal; vertical-align: baseline; white-space-collapse: preserve;\">proveedores de servicios tecnol\u00f3gicos y de anal\u00edtica;<\/span><\/li>\n \t<li><span style=\"font-size: 12pt; font-family: Arial, sans-serif; background-color: transparent; font-variant-numeric: normal; font-variant-east-asian: normal; font-variant-alternates: normal; font-variant-position: normal; font-variant-emoji: normal; vertical-align: baseline; white-space-collapse: preserve;\">proveedores y colaboradores de servicios de log\u00edstica, transporte y entrega, o establecimientos colaboradores de estos;<\/span><\/li>\n \t<li><span style=\"font-size: 12pt; font-family: Arial, sans-serif; background-color: transparent; font-variant-numeric: normal; font-variant-east-asian: normal; font-variant-alternates: normal; font-variant-position: normal; font-variant-emoji: normal; vertical-align: baseline; white-space-collapse: preserve;\">proveedores de servicios relacionados con la atenci\u00f3n al cliente;<\/span><\/li>\n \t<li><span style=\"font-size: 12pt; font-family: Arial, sans-serif; background-color: transparent; font-variant-numeric: normal; font-variant-east-asian: normal; font-variant-alternates: normal; font-variant-position: normal; font-variant-emoji: normal; vertical-align: baseline; white-space-collapse: preserve;\">autoridades y organismos p\u00fablicos para: atender una orden, citaci\u00f3n o investigaci\u00f3n judicial, o por cualquier otra causa requerida por ley; atender posibles responsabilidades derivadas del tratamiento de los datos personales; prevenir usos ilegales de nuestro Sitio web o violaciones de las pol\u00edticas del mismo; hacer frente a reclamaciones de terceros; contribuir a la prevenci\u00f3n e investigaci\u00f3n de supuestos de fraude, entre otros.<\/span><\/li>\n<\/ul>\n<p dir=\"ltr\" style=\"line-height: 1.38; margin-top: 0pt; margin-bottom: 0pt;\"><\/p>\n<p dir=\"ltr\" style=\"line-height: 1.38; margin-top: 0pt; margin-bottom: 0pt;\"><span style=\"font-size: 12pt; font-family: Arial, sans-serif; background-color: transparent; font-variant-numeric: normal; font-variant-east-asian: normal; font-variant-alternates: normal; font-variant-position: normal; font-variant-emoji: normal; vertical-align: baseline; white-space-collapse: preserve;\">Estos terceros colaboradores \u00fanicamente tienen acceso a la informaci\u00f3n personal necesaria para llevar a cabo los servicios correspondientes y se les exige que no la utilicen para otra finalidad diferente a la solicitada. La Compa\u00f1\u00eda tambi\u00e9n exige a estos terceros el mismo grado de protecci\u00f3n y confidencialidad que nosotros aplicamos en la gesti\u00f3n de su informaci\u00f3n personal. Asimismo, todos ellos est\u00e1n sujetos a las obligaciones previstas en los respectivos contratos de tratamiento de datos formalizados con la Compa\u00f1\u00eda.<\/span><\/p>\n\n<\/div>\n<\/div>\n<h2 style=\"font-family: Roboto, sans-serif; color: #333333;\"><span style=\"font-weight: bold; font-size: 1rem;\">6- \u00bfCU\u00c1LES SON MIS DERECHOS?<\/span><\/h2> <div> <p dir=\"ltr\" style=\"line-height: 1.38; margin-top: 0pt; margin-bottom: 0pt;\"><span style=\"font-size: 12pt; font-family: Arial, sans-serif; background-color: transparent; font-variant-numeric: normal; font-variant-east-asian: normal; font-variant-alternates: normal; font-variant-position: normal; font-variant-emoji: normal; vertical-align: baseline; white-space-collapse: preserve;\">Est\u00e1 legitimado para ejercer los siguientes derechos en relaci\u00f3n con el tratamiento de sus datos personales:<\/span><\/p> <p dir=\"ltr\" style=\"line-height: 1.38; margin-top: 0pt; margin-bottom: 0pt;\"><span style=\"font-size: 12pt; font-family: Arial, sans-serif; background-color: transparent; font-variant-numeric: normal; font-variant-east-asian: normal; font-variant-alternates: normal; font-variant-position: normal; font-variant-emoji: normal; vertical-align: baseline; white-space-collapse: preserve;\"> <\/span><\/p> <ul> <li><span style=\"font-size: 12pt; font-family: Arial, sans-serif; background-color: transparent;\"><b>Acceso (art. 15 RGPD):<\/b> permite obtener determinada informaci\u00f3n sobre las finalidades para las cuales se est\u00e1n tratando sus datos, los destinatarios a los que se comunican o las categor\u00edas de datos que est\u00e1n siendo tratados, entre otros.<\/span><\/li> <li><span style=\"font-size: 12pt; font-family: Arial, sans-serif; background-color: transparent;\"><b>Rectificaci\u00f3n (art. 16 RGPD):<\/b> permite dirigirse al Responsable del tratamiento para modificar aquellos datos personales que fueran inexactos y completar los que fueran incompletos.<\/span><\/li> <li><span style=\"font-size: 12pt; font-family: Arial, sans-serif; background-color: transparent;\"><b>Supresi\u00f3n (art. 17 RGPD):<\/b> permite solicitar la supresi\u00f3n, sin dilaci\u00f3n indebida, de sus datos personales que est\u00e9n siendo tratados por el Responsable.<\/span><\/li> <li><span style=\"font-size: 12pt; font-family: Arial, sans-serif; background-color: transparent;\"><b>Limitaci\u00f3n del tratamiento (art. 18 RGPD):<\/b> permite obtener del Responsable la limitaci\u00f3n del tratamiento de sus datos.<\/span><\/li> <li><span style=\"font-size: 12pt; font-family: Arial, sans-serif; background-color: transparent;\"><b>Portabilidad (art. 20 RGPD):<\/b> le permite recibir sus datos personales o que estos sean enviados a un tercero, en un formato estructurado, de uso com\u00fan y lectura mec\u00e1nica.<\/span><\/li> <li><span style=\"font-size: 12pt; font-family: Arial, sans-serif; background-color: transparent;\"><b>Oposici\u00f3n (art. 21 RGPD):<\/b> le permite oponerse al tratamiento de sus datos realizado por el Responsable. No obstante, solo puede ejercer este derecho frente a tratamientos amparados por la base leg\u00edtima de un inter\u00e9s p\u00fablico o un inter\u00e9s leg\u00edtimo del Responsable.<\/span><\/li> <li><span style=\"font-size: 12pt; font-family: Arial, sans-serif; background-color: transparent;\"><b>Oposici\u00f3n al tratamiento automatizado (art. 22 RGPD):<\/b> le permite no ser objeto de decisiones basadas \u00fanicamente en el tratamiento automatizado de sus datos, incluida la elaboraci\u00f3n de perfiles, que produzcan efectos jur\u00eddicos en usted o le afecten significativamente de modo similar.<\/span><\/li> <\/ul> <div> <h3 style=\"font-family: Roboto, sans-serif; color: #333333;\"><span style=\"font-weight: bold; font-size: 1rem;\">6.1- \u00bfC\u00d3MO PUEDO EJERCER MIS DERECHOS?<\/span><\/h3> <div> <p dir=\"ltr\" style=\"line-height: 1.38;\"><span style=\"font-size: 12pt; font-family: Arial, sans-serif;\">Para poder ejercer sus derechos en materia de protecci\u00f3n de datos, la Compa\u00f1\u00eda pone a su disposici\u00f3n los siguientes medios:<\/span><\/p> <ul> <li><span style=\"font-size: 12pt; font-family: Arial, sans-serif;\">Mediante solicitud escrita y firmada dirigida a la Compa\u00f1\u00eda [Sant Joan de Deu, 365, 43820 Calafell], indicando el motivo de su solicitud y el derecho que desea ejercitar, debiendo adjuntar fotocopia del DNI o documento equivalente que acredite la identidad del solicitante.<\/span><\/li> <li><span style=\"font-size: 12pt; font-family: Arial, sans-serif;\">Enviando formulario cumplimentado y firmado, debiendo adjuntar fotocopia del DNI o documento equivalente que acredite la identidad del solicitante, a la direcci\u00f3n de correo electr\u00f3nico: info@ortoll.cat<\/span><\/li> <\/ul> <p dir=\"ltr\" style=\"line-height: 1.38;\"><span style=\"font-size: 12pt; font-family: Arial, sans-serif;\">A continuaci\u00f3n, se facilitan los formularios para poder ejercer los diferentes derechos:<\/span><\/p> <p dir=\"ltr\" style=\"line-height: 1.38;\"><span style=\"font-size: 12pt; font-family: Arial, sans-serif;\"> o <b>Derecho de acceso<\/b>: <a href=\"https:\/\/www.aepd.es\/sites\/default\/files\/2019-09\/formulario-derecho-de-acceso.pdf\" target=\"_blank\" rel=\"noopener\">https:\/\/www.aepd.es\/sites\/default\/files\/2019-09\/formulario-derecho-de-acceso.pdf<\/a> <\/span><\/p> <p dir=\"ltr\" style=\"line-height: 1.38;\"><span style=\"font-size: 12pt; font-family: Arial, sans-serif;\"> o <b>Derecho de rectificaci\u00f3n:<\/b> <\/span><a href=\"https:\/\/www.aepd.es\/sites\/default\/files\/2019-09\/formulario-derecho-de-rectificacion.pdfv\" target=\"_blank\" rel=\"noopener\">https:\/\/www.aepd.es\/sites\/default\/files\/2019-09\/formulario-derecho-de-rectificacion.pdfv<\/a><\/p> <p dir=\"ltr\" style=\"line-height: 1.38;\"><span style=\"font-size: 12pt; font-family: Arial, sans-serif;\"> o <b>Derecho de supresi\u00f3n:<\/b> <\/span><a href=\"https:\/\/www.aepd.es\/sites\/default\/files\/2019-09\/formulario-derecho-de-supresion.pdf\" target=\"_blank\" rel=\"noopener\">https:\/\/www.aepd.es\/sites\/default\/files\/2019-09\/formulario-derecho-de-supresion.pdf<\/a><\/p> <p dir=\"ltr\" style=\"line-height: 1.38;\"><span style=\"font-size: 12pt; font-family: Arial, sans-serif;\"> o <b>Derecho de limitaci\u00f3n del tratamiento:<\/b> <\/span><a href=\"https:\/\/www.aepd.es\/sites\/default\/files\/2019-09\/formulario-derecho-de-limitacion.pdf\" target=\"_blank\" rel=\"noopener\">https:\/\/www.aepd.es\/sites\/default\/files\/2019-09\/formulario-derecho-de-limitacion.pdf<\/a><\/p> <p dir=\"ltr\" style=\"line-height: 1.38;\"><span style=\"font-size: 12pt; font-family: Arial, sans-serif;\"> o <b>Derecho a la portabilidad:<\/b> <\/span><a href=\"https:\/\/www.aepd.es\/sites\/default\/files\/2019-09\/formulario-derecho-de-portabilidad.pdf\" target=\"_blank\" rel=\"noopener\">https:\/\/www.aepd.es\/sites\/default\/files\/2019-09\/formulario-derecho-de-portabilidad.pdf<\/a><\/p> <p dir=\"ltr\" style=\"line-height: 1.38;\"><span style=\"font-size: 12pt; font-family: Arial, sans-serif;\"> o <b>Derecho de oposici\u00f3n:<\/b> <\/span><a href=\"https:\/\/www.aepd.es\/sites\/default\/files\/2019-09\/formulario-derecho-de-oposicion.pdf\" target=\"_blank\" rel=\"noopener\">https:\/\/www.aepd.es\/sites\/default\/files\/2019-09\/formulario-derecho-de-oposicion.pdf<\/a><\/p> <p dir=\"ltr\" style=\"line-height: 1.38;\"><span style=\"font-size: 12pt; font-family: Arial, sans-serif;\"> o <b>Derecho de oposici\u00f3n al tratamiento automatizado:<\/b> <\/span><a href=\"https:\/\/www.aepd.es\/sites\/default\/files\/2019-09\/formulario-derecho-de-oposicion-decisiones-automatizadas.pdf\" target=\"_blank\" rel=\"noopener\">https:\/\/www.aepd.es\/sites\/default\/files\/2019-09\/formulario-derecho-de-oposicion-decisiones-automatizadas.pdf<\/a><\/p> <p dir=\"ltr\" style=\"line-height: 1.38;\"><span style=\"font-size: 12pt; font-family: Arial, sans-serif;\">Asimismo, tiene derecho a dirigirse a la correspondiente autoridad de control competente en materia de protecci\u00f3n de datos, para cualquier reclamaci\u00f3n derivada del tratamiento de sus datos personales: la Agencia Espa\u00f1ola de Protecci\u00f3n de Datos (<a href=\"https:\/\/sedeaepd.gob.es\/sede-electronica-web\/vistas\/infoSede\/tramitesCiudadano.jsf\" target=\"_blank\" rel=\"noopener\">Formulario Presentaci\u00f3n de Reclamaciones<\/a>).<\/span><\/p> <div> <h2 style=\"font-family: Roboto, sans-serif; color: #333333;\"><b>CAMBIOS EN LA POL\u00cdTICA DE PRIVACIDAD<\/b><\/h2> <div> <p dir=\"ltr\" style=\"line-height: 1.38;\"><span style=\"font-size: 12pt; font-family: Arial, sans-serif;\">La presente Pol\u00edtica de Privacidad est\u00e1 sujeta a revisi\u00f3n continua por parte de la Compa\u00f1\u00eda, modific\u00e1ndose siempre que resulte necesario con el fin de adaptarla a la actualidad legislativa de cada momento o a cualquier variaci\u00f3n en nuestro Sitio web.<\/span><\/p> <p dir=\"ltr\" style=\"line-height: 1.38;\"><span style=\"font-size: 12pt; font-family: Arial, sans-serif;\">En caso de que la actualizaci\u00f3n de la Pol\u00edtica implique un cambio sustancial en el tratamiento de sus datos personales, le notificaremos esta modificaci\u00f3n a trav\u00e9s de nuestro Sitio web (mediante un banner, un pop-up o una notificaci\u00f3n push) para que pueda revisarla y valorarla.<\/span><\/p> <p dir=\"ltr\" style=\"line-height: 1.38;\"><span style=\"font-size: 12pt; font-family: Arial, sans-serif;\">Por ello, le recomendamos revisar peri\u00f3dicamente la Pol\u00edtica de Privacidad para mantenerse informado sobre cualquier novedad relacionada con el tratamiento de sus datos personales.<\/span><\/p> <\/div> <\/div> <\/div> <\/div> <\/div> <\/div> <\/div> <\/div>\t\t\t\t\t\t\t\t<\/div>\n\t\t\t\t<\/div>\n\t\t\t\t<\/div>\n\t\t\t\t<\/div>\n\t\t\t\t<\/div>\n\t\t\t\t<\/div>\n\t\t","protected":false},"excerpt":{"rendered":"<p>Pol\u00edtica de Privacitat INFORMACI\u00d3N B\u00c1SICA SOBRE PROTECCI\u00d3N DE DATOS RESPONSABLE ORTOLL I FILLS, S.L. FINALIDAD Utilizamos sus datos para atender sus consultas, as\u00ed como para, en su caso, enviarle comunicaciones personalizadas. LEGITIMACI\u00d3N La legitimaci\u00f3n para el tratamiento de sus datos reside en la prestaci\u00f3n de su consentimiento a ORTOLL I FILLS, S.L. DESTINATARIOS Sus datos [&hellip;]<\/p>\n","protected":false},"author":1,"featured_media":0,"parent":0,"menu_order":0,"comment_status":"closed","ping_status":"closed","template":"","meta":{"_joinchat":[],"footnotes":""},"class_list":["post-1885","page","type-page","status-publish","hentry"],"yoast_head":"<!-- This site is optimized with the Yoast SEO plugin v26.5 - https:\/\/yoast.com\/wordpress\/plugins\/seo\/ -->\n<title>Pol\u00edtica de Privacidad - Ortoll<\/title>\n<meta name=\"description\" content=\"Pol\u00edtica de privacidad de Ortoll: transparencia en el uso de tus datos personales, cumplimiento RGPD y seguridad en el tratamiento de la informaci\u00f3n.\" \/>\n<meta name=\"robots\" content=\"index, follow, max-snippet:-1, max-image-preview:large, max-video-preview:-1\" \/>\n<link rel=\"canonical\" href=\"https:\/\/www.ortoll.cat\/es\/politica-de-privacidad\/\" \/>\n<meta property=\"og:locale\" content=\"es_ES\" \/>\n<meta property=\"og:type\" content=\"article\" \/>\n<meta property=\"og:title\" content=\"Pol\u00edtica de Privacidad - Ortoll\" \/>\n<meta property=\"og:description\" content=\"Pol\u00edtica de privacidad de Ortoll: transparencia en el uso de tus datos personales, cumplimiento RGPD y seguridad en el tratamiento de la informaci\u00f3n.\" \/>\n<meta property=\"og:url\" content=\"https:\/\/www.ortoll.cat\/es\/politica-de-privacidad\/\" \/>\n<meta property=\"og:site_name\" content=\"Ortoll\" \/>\n<meta property=\"article:modified_time\" content=\"2025-11-24T14:30:43+00:00\" \/>\n<meta name=\"twitter:card\" content=\"summary_large_image\" \/>\n<meta name=\"twitter:label1\" content=\"Tiempo de lectura\" \/>\n\t<meta name=\"twitter:data1\" content=\"10 minutos\" \/>\n<script type=\"application\/ld+json\" class=\"yoast-schema-graph\">{\"@context\":\"https:\/\/schema.org\",\"@graph\":[{\"@type\":\"WebPage\",\"@id\":\"https:\/\/www.ortoll.cat\/es\/politica-de-privacidad\/\",\"url\":\"https:\/\/www.ortoll.cat\/es\/politica-de-privacidad\/\",\"name\":\"Pol\u00edtica de Privacidad - Ortoll\",\"isPartOf\":{\"@id\":\"https:\/\/www.ortoll.cat\/#website\"},\"datePublished\":\"2025-10-14T08:28:30+00:00\",\"dateModified\":\"2025-11-24T14:30:43+00:00\",\"description\":\"Pol\u00edtica de privacidad de Ortoll: transparencia en el uso de tus datos personales, cumplimiento RGPD y seguridad en el tratamiento de la informaci\u00f3n.\",\"breadcrumb\":{\"@id\":\"https:\/\/www.ortoll.cat\/es\/politica-de-privacidad\/#breadcrumb\"},\"inLanguage\":\"es\",\"potentialAction\":[{\"@type\":\"ReadAction\",\"target\":[\"https:\/\/www.ortoll.cat\/es\/politica-de-privacidad\/\"]}]},{\"@type\":\"BreadcrumbList\",\"@id\":\"https:\/\/www.ortoll.cat\/es\/politica-de-privacidad\/#breadcrumb\",\"itemListElement\":[{\"@type\":\"ListItem\",\"position\":1,\"name\":\"Inici\",\"item\":\"https:\/\/www.ortoll.cat\/es\/\"},{\"@type\":\"ListItem\",\"position\":2,\"name\":\"Pol\u00edtica de Privacidad\"}]},{\"@type\":\"WebSite\",\"@id\":\"https:\/\/www.ortoll.cat\/#website\",\"url\":\"https:\/\/www.ortoll.cat\/\",\"name\":\"Gasoil Ortoll - Servicio de gasoil a domicilio\",\"description\":\"\",\"publisher\":{\"@id\":\"https:\/\/www.ortoll.cat\/#organization\"},\"potentialAction\":[{\"@type\":\"SearchAction\",\"target\":{\"@type\":\"EntryPoint\",\"urlTemplate\":\"https:\/\/www.ortoll.cat\/?s={search_term_string}\"},\"query-input\":{\"@type\":\"PropertyValueSpecification\",\"valueRequired\":true,\"valueName\":\"search_term_string\"}}],\"inLanguage\":\"es\"},{\"@type\":\"Organization\",\"@id\":\"https:\/\/www.ortoll.cat\/#organization\",\"name\":\"Gasoil Ortoll\",\"url\":\"https:\/\/www.ortoll.cat\/\",\"logo\":{\"@type\":\"ImageObject\",\"inLanguage\":\"es\",\"@id\":\"https:\/\/www.ortoll.cat\/#\/schema\/logo\/image\/\",\"url\":\"https:\/\/www.ortoll.cat\/wp-content\/uploads\/2024\/12\/Camion-ortoll-Web-little.png\",\"contentUrl\":\"https:\/\/www.ortoll.cat\/wp-content\/uploads\/2024\/12\/Camion-ortoll-Web-little.png\",\"width\":1080,\"height\":720,\"caption\":\"Gasoil Ortoll\"},\"image\":{\"@id\":\"https:\/\/www.ortoll.cat\/#\/schema\/logo\/image\/\"},\"sameAs\":[\"https:\/\/www.instagram.com\/gasoil_ortoll\/\"]}]}<\/script>\n<!-- \/ Yoast SEO plugin. -->","yoast_head_json":{"title":"Pol\u00edtica de Privacidad - Ortoll","description":"Pol\u00edtica de privacidad de Ortoll: transparencia en el uso de tus datos personales, cumplimiento RGPD y seguridad en el tratamiento de la informaci\u00f3n.","robots":{"index":"index","follow":"follow","max-snippet":"max-snippet:-1","max-image-preview":"max-image-preview:large","max-video-preview":"max-video-preview:-1"},"canonical":"https:\/\/www.ortoll.cat\/es\/politica-de-privacidad\/","og_locale":"es_ES","og_type":"article","og_title":"Pol\u00edtica de Privacidad - Ortoll","og_description":"Pol\u00edtica de privacidad de Ortoll: transparencia en el uso de tus datos personales, cumplimiento RGPD y seguridad en el tratamiento de la informaci\u00f3n.","og_url":"https:\/\/www.ortoll.cat\/es\/politica-de-privacidad\/","og_site_name":"Ortoll","article_modified_time":"2025-11-24T14:30:43+00:00","twitter_card":"summary_large_image","twitter_misc":{"Tiempo de lectura":"10 minutos"},"schema":{"@context":"https:\/\/schema.org","@graph":[{"@type":"WebPage","@id":"https:\/\/www.ortoll.cat\/es\/politica-de-privacidad\/","url":"https:\/\/www.ortoll.cat\/es\/politica-de-privacidad\/","name":"Pol\u00edtica de Privacidad - Ortoll","isPartOf":{"@id":"https:\/\/www.ortoll.cat\/#website"},"datePublished":"2025-10-14T08:28:30+00:00","dateModified":"2025-11-24T14:30:43+00:00","description":"Pol\u00edtica de privacidad de Ortoll: transparencia en el uso de tus datos personales, cumplimiento RGPD y seguridad en el tratamiento de la informaci\u00f3n.","breadcrumb":{"@id":"https:\/\/www.ortoll.cat\/es\/politica-de-privacidad\/#breadcrumb"},"inLanguage":"es","potentialAction":[{"@type":"ReadAction","target":["https:\/\/www.ortoll.cat\/es\/politica-de-privacidad\/"]}]},{"@type":"BreadcrumbList","@id":"https:\/\/www.ortoll.cat\/es\/politica-de-privacidad\/#breadcrumb","itemListElement":[{"@type":"ListItem","position":1,"name":"Inici","item":"https:\/\/www.ortoll.cat\/es\/"},{"@type":"ListItem","position":2,"name":"Pol\u00edtica de Privacidad"}]},{"@type":"WebSite","@id":"https:\/\/www.ortoll.cat\/#website","url":"https:\/\/www.ortoll.cat\/","name":"Gasoil Ortoll - Servicio de gasoil a domicilio","description":"","publisher":{"@id":"https:\/\/www.ortoll.cat\/#organization"},"potentialAction":[{"@type":"SearchAction","target":{"@type":"EntryPoint","urlTemplate":"https:\/\/www.ortoll.cat\/?s={search_term_string}"},"query-input":{"@type":"PropertyValueSpecification","valueRequired":true,"valueName":"search_term_string"}}],"inLanguage":"es"},{"@type":"Organization","@id":"https:\/\/www.ortoll.cat\/#organization","name":"Gasoil Ortoll","url":"https:\/\/www.ortoll.cat\/","logo":{"@type":"ImageObject","inLanguage":"es","@id":"https:\/\/www.ortoll.cat\/#\/schema\/logo\/image\/","url":"https:\/\/www.ortoll.cat\/wp-content\/uploads\/2024\/12\/Camion-ortoll-Web-little.png","contentUrl":"https:\/\/www.ortoll.cat\/wp-content\/uploads\/2024\/12\/Camion-ortoll-Web-little.png","width":1080,"height":720,"caption":"Gasoil Ortoll"},"image":{"@id":"https:\/\/www.ortoll.cat\/#\/schema\/logo\/image\/"},"sameAs":["https:\/\/www.instagram.com\/gasoil_ortoll\/"]}]}},"_links":{"self":[{"href":"https:\/\/www.ortoll.cat\/es\/wp-json\/wp\/v2\/pages\/1885","targetHints":{"allow":["GET"]}}],"collection":[{"href":"https:\/\/www.ortoll.cat\/es\/wp-json\/wp\/v2\/pages"}],"about":[{"href":"https:\/\/www.ortoll.cat\/es\/wp-json\/wp\/v2\/types\/page"}],"author":[{"embeddable":true,"href":"https:\/\/www.ortoll.cat\/es\/wp-json\/wp\/v2\/users\/1"}],"replies":[{"embeddable":true,"href":"https:\/\/www.ortoll.cat\/es\/wp-json\/wp\/v2\/comments?post=1885"}],"version-history":[{"count":4,"href":"https:\/\/www.ortoll.cat\/es\/wp-json\/wp\/v2\/pages\/1885\/revisions"}],"predecessor-version":[{"id":1901,"href":"https:\/\/www.ortoll.cat\/es\/wp-json\/wp\/v2\/pages\/1885\/revisions\/1901"}],"wp:attachment":[{"href":"https:\/\/www.ortoll.cat\/es\/wp-json\/wp\/v2\/media?parent=1885"}],"curies":[{"name":"wp","href":"https:\/\/api.w.org\/{rel}","templated":true}]}}